{"id":3577,"date":"2023-12-26T15:56:38","date_gmt":"2023-12-26T12:56:38","guid":{"rendered":"https:\/\/lotustechnic.com.tr\/?page_id=3577"},"modified":"2023-12-26T15:56:40","modified_gmt":"2023-12-26T12:56:40","slug":"gdpr-general-data-protection-regulation","status":"publish","type":"page","link":"https:\/\/lotustechnic.com.tr\/tr\/gdpr-general-data-protection-regulation\/","title":{"rendered":"K.V.K.K. Ayd\u0131nlatma Metni"},"content":{"rendered":"<p>Veri sorumlusu <strong>Lotus Mekanik Sanayi ve Ticaret Anonim \u015eirketi <\/strong>olarak firmam\u0131z b\u00fcnyesinde i\u015flenen her t\u00fcrl\u00fc ki\u015fisel veri 6698 say\u0131l\u0131 Ki\u015fisel Verilerin Korunmas\u0131 Kanunu ba\u015fta olmak \u00fczere ilgili ulusal ve uluslararas\u0131 mevzuat h\u00fck\u00fcmleri kapsam\u0131nda korunmaktad\u0131r. \u015eirketimiz gerekli korunman\u0131n sa\u011flanmas\u0131 ad\u0131na teknik ve idar\u00ee tedbirleri vaktinde gere\u011fi gibi almakta olup herhangi bir ihlal \u015f\u00fcphesi kar\u015f\u0131s\u0131nda yasal h\u00fck\u00fcmler \u00e7er\u00e7evesinde ilgili \u015fah\u0131slara, kurum ve kurulu\u015flara gerekli bildirimleri en k\u0131sa s\u00fcrede yapmaktad\u0131r.<\/p>\n\n\n\n<ol class=\"wp-block-list\" style=\"list-style-type:upper-alpha\">\n<li><strong>TANIMLAR<\/strong><\/li>\n<\/ol>\n\n\n\n<p><strong>A\u00e7\u0131k r\u0131za,<\/strong> 95\/46 EC say\u0131l\u0131 Direktif kapsam\u0131na g\u00f6re, a\u00e7\u0131k r\u0131za ilgili ki\u015finin kendisiyle ilgili veri i\u015flenmesine, \u00f6zg\u00fcrce, konuyla ilgili yeterli bilgi sahibi olarak, teredd\u00fctte yer b\u0131rakmayacak a\u00e7\u0131kl\u0131kta ve sadece o i\u015flemle s\u0131n\u0131rl\u0131 olarak verdi\u011fi onay beyan\u0131 \u015feklinde anla\u015f\u0131lmal\u0131d\u0131r.<\/p>\n\n\n\n<p><strong>Ki\u015fisel verilerin anonim hale getirilmesi,<\/strong> Ki\u015fisel verilerin, ba\u015fka verilerle e\u015fle\u015ftirilerek dahi hi\u00e7bir surette kimli\u011fi belirli veya belirlenebilir bir ger\u00e7ek ki\u015fiyle ili\u015fkilendirilemeyecek h\u00e2le getirilmesini ifade etmektedir.<\/p>\n\n\n\n<p><strong>Veri kay\u0131t sistemi,<\/strong> Ki\u015fisel verilerin belirli kriterlere g\u00f6re yap\u0131land\u0131r\u0131larak i\u015flendi\u011fi kay\u0131t sistemini ifade etmektedir. S\u00f6z konusu sistemler fizik\u00ee veya dijital olabilir. S\u00f6z konusu sistem i\u00e7inde birden fazla kritere g\u00f6re veriler i\u015flenebilmektedir. \u00d6rne\u011fin, ad soyad\u0131, T.C. kimlik numaras\u0131 yahut do\u011fum yeri bazl\u0131 bir kay\u0131t sistemi baz al\u0131narak verilerin kayd\u0131 ve i\u015flenmesi yap\u0131labilir.<\/p>\n\n\n\n<p><strong>Veri sorumlusu,<\/strong> 6698 say\u0131l\u0131 kanun kapsam\u0131nda do\u011frudan verilerin i\u015flenmesinden, aktar\u0131lmas\u0131ndan, silinmesinden ve di\u011fer kanun kapsam\u0131ndaki y\u00fck\u00fcml\u00fcl\u00fcklerinden sorumlu olan ki\u015fidir. Ki\u015fisel verilerin i\u015fleme ama\u00e7lar\u0131n\u0131 ve vas\u0131talar\u0131n\u0131 belirleyen, veri kay\u0131t sisteminin kurulmas\u0131ndan ve y\u00f6netilmesinden sorumlu olanlard\u0131r. Bu ki\u015filer, ger\u00e7ek ki\u015filer olabilece\u011fi gibi, kamu kurumlar\u0131, \u015firketler, dernekler veya vak\u0131flar gibi t\u00fczel ki\u015filer de olabilecektir. \u0130\u015f bu ayd\u0131nlatma metni kapsam\u0131nda Lotus Mekanik Sanayi ve Ticaret Anonim \u015eirketi ifade etmektedir.<\/p>\n\n\n\n<p><strong>Veri i\u015fleyen,<\/strong> veri sorumlusu ad\u0131na verileri i\u015fleyen ger\u00e7ek ve t\u00fczel ki\u015filerdir. Bu ki\u015filer, ki\u015fisel verileri kendisine verilen talimatlar \u00e7er\u00e7evesinde i\u015fleyen \u00e7al\u0131\u015fanlar olabilece\u011fi gibi, veri sorumlusunun hizmet sat\u0131n almak suretiyle belirledi\u011fi ayr\u0131 bir ger\u00e7ek veya t\u00fczel ki\u015fi de olabilir. Herhangi bir ger\u00e7ek veya t\u00fczel ki\u015fi ayn\u0131 zamanda hem veri sorumlusu hem de veri i\u015fleyen olabilir. \u00d6rne\u011fin, bir muhasebe \u015firketi kendi personeliyle ilgili tuttu\u011fu verilere ili\u015fkin olarak veri sorumlusu say\u0131l\u0131rken, m\u00fc\u015fterisi olan \u015firketlere ili\u015fkin tuttu\u011fu veriler bak\u0131m\u0131ndan ise veri i\u015fleyen olarak kabul edilecektir.<\/p>\n\n\n\n<p><strong>\u0130lgili Ki\u015fi,<\/strong> Ki\u015fisel verisi i\u015flenen ger\u00e7ek ki\u015fiyi ifade etmektedir.<\/p>\n\n\n\n<p><strong>\u0130mha,<\/strong> Ki\u015fisel verilerin silinmesi, yok edilmesi veya anonim hale getirilmesini ifade eder.<\/p>\n\n\n\n<ol class=\"wp-block-list\" start=\"2\" style=\"list-style-type:upper-alpha\">\n<li><strong>K\u0130\u015e\u0130SEL VER\u0130LER\u0130N TOPLANMA Y\u00d6NTEMLER\u0130<\/strong><\/li>\n<\/ol>\n\n\n\n<p>Ki\u015fisel verileriniz firmam\u0131z ile kurdu\u011funuz diyaloglar ve ileti\u015fim kapsamlar\u0131nda al\u0131nan bilgi ve belgelerden olu\u015fmaktad\u0131r. Santral sistemi vas\u0131tas\u0131yla operat\u00f6rle yapaca\u011f\u0131n\u0131z s\u00f6zl\u00fc g\u00f6r\u00fc\u015fme s\u0131ras\u0131ndaki ses kayd\u0131, taraf\u0131m\u0131za iletilen referans mektuplar\u0131 ve akdedilen \u00f6n s\u00f6zle\u015fme ve s\u00f6zle\u015fme, i\u015f ba\u015fvuru formlar\u0131 ve deneme s\u00fcreli \u00e7al\u0131\u015fma s\u00f6zle\u015fmeleri, internet sitesi \u00e7erez uygulamalar\u0131, internet sitesi \u00fczerinden doldurulan online formlar, mobil uygulamalar, \u00f6neri\/\u015fik\u00e2yet formu, muhtelif s\u00f6zle\u015fmeler, mail ortamlar\u0131 ba\u015fta olmak \u00fczere \u00e7evrim i\u00e7i ileti\u015fim kanallar\u0131ndan elde edilen bilgi, belge ve ba\u015fvuru formlar\u0131, g\u00fcvenlik kameralar\u0131, mektup, ihtar, olay tutanaklar\u0131 ve i\u015fyeri kapsam\u0131nda tutulan tutanak kapsamlar\u0131 ba\u015fl\u0131ca veri toplama kaynaklar\u0131d\u0131r. \u0130\u015f bu veriler veri politikam\u0131z ve Kurul kararlar\u0131 minvalinde Ki\u015fisel Verilerin Korunmas\u0131 Kanunu (KVKK) 5. ve 6. madde kapsam\u0131ndaki <strong>\u015fartlar ve 4. madde kapsam\u0131nda yerini bulan ilkeler g\u00f6z \u00f6n\u00fcnde bulundurularak elde edilip i\u015flenmektedir. T\u00fcm bu s\u00fcre\u00e7lerde orant\u0131l\u0131l\u0131k ve \u00f6l\u00e7\u00fcl\u00fcl\u00fck ilkeleri g\u00f6z \u00f6n\u00fcnde bulundurularak gereksiz veri al\u0131m\u0131n\u0131n \u00f6n\u00fcne ge\u00e7ilmesi hedeflenmektedir.<\/strong><\/p>\n\n\n\n<ol class=\"wp-block-list\" start=\"3\" style=\"list-style-type:upper-alpha\">\n<li><strong>K\u0130\u015e\u0130SEL VER\u0130LER\u0130N \u0130\u015eLENMES\u0130<\/strong><\/li>\n<\/ol>\n\n\n\n<p>Ki\u015fisel verilerin i\u015flenmesi 6698 say\u0131l\u0131 kanunun 3\/e bendinde \u015fu \u015fekilde tan\u0131mlanm\u0131\u015ft\u0131r:<\/p>\n\n\n\n<p>\u201cKi\u015fisel verilerin i\u015flenmesi: Ki\u015fisel verilerin tamamen veya k\u0131smen otomatik olan ya da herhangi bir veri kay\u0131t sisteminin par\u00e7as\u0131 olmak kayd\u0131yla otomatik olmayan yollarla elde edilmesi, kaydedilmesi, depolanmas\u0131, muhafaza edilmesi, de\u011fi\u015ftirilmesi, yeniden d\u00fczenlenmesi, a\u00e7\u0131klanmas\u0131, aktar\u0131lmas\u0131, devral\u0131nmas\u0131, elde edilebilir h\u00e2le getirilmesi, s\u0131n\u0131fland\u0131r\u0131lmas\u0131 ya da kullan\u0131lmas\u0131n\u0131n engellenmesi gibi veriler \u00fczerinde ger\u00e7ekle\u015ftirilen her t\u00fcrl\u00fc i\u015flemi,\u201d<\/p>\n\n\n\n<p>S\u00f6z konusu ki\u015fisel veri niteli\u011findeki bilgilerin ne \u015fekilde i\u015flenece\u011fi ayn\u0131 kanunun 5. maddesinde \u015fu \u015fekilde ifade edilmi\u015ftir:<\/p>\n\n\n\n<p>(1) Ki\u015fisel veriler ilgili ki\u015finin a\u00e7\u0131k r\u0131zas\u0131 olmaks\u0131z\u0131n i\u015flenemez.<\/p>\n\n\n\n<p>(2) A\u015fa\u011f\u0131daki \u015fartlardan birinin varl\u0131\u011f\u0131 h\u00e2linde, ilgili ki\u015finin a\u00e7\u0131k r\u0131zas\u0131 aranmaks\u0131z\u0131n ki\u015fisel verilerinin i\u015flenmesi m\u00fcmk\u00fcnd\u00fcr:<\/p>\n\n\n\n<ol class=\"wp-block-list\" style=\"list-style-type:lower-alpha\">\n<li>Kanunlarda a\u00e7\u0131k\u00e7a \u00f6ng\u00f6r\u00fclmesi.<\/li>\n\n\n\n<li>Fiil\u00ee imk\u00e2ns\u0131zl\u0131k nedeniyle r\u0131zas\u0131n\u0131 a\u00e7\u0131klayamayacak durumda bulunan veya r\u0131zas\u0131na hukuk\u00ee ge\u00e7erlilik tan\u0131nmayan ki\u015finin kendisinin ya da bir ba\u015fkas\u0131n\u0131n hayat\u0131 veya beden b\u00fct\u00fcnl\u00fc\u011f\u00fcn\u00fcn korunmas\u0131 i\u00e7in zorunlu olmas\u0131.<\/li>\n\n\n\n<li>Bir s\u00f6zle\u015fmenin kurulmas\u0131 veya ifas\u0131yla do\u011frudan do\u011fruya ilgili olmas\u0131 kayd\u0131yla, s\u00f6zle\u015fmenin taraflar\u0131na ait ki\u015fisel verilerin i\u015flenmesinin gerekli olmas\u0131.<\/li>\n\n\n\n<li>Veri sorumlusunun hukuk\u00ee y\u00fck\u00fcml\u00fcl\u00fc\u011f\u00fcn\u00fc yerine getirebilmesi i\u00e7in zorunlu olmas\u0131.<\/li>\n\n\n\n<li>\u0130lgili ki\u015finin kendisi taraf\u0131ndan alenile\u015ftirilmi\u015f olmas\u0131.<\/li>\n\n\n\n<li>Bir hakk\u0131n tesisi, kullan\u0131lmas\u0131 veya korunmas\u0131 i\u00e7in veri i\u015flemenin zorunlu olmas\u0131.<\/li>\n\n\n\n<li>\u0130lgili ki\u015finin temel hak ve \u00f6zg\u00fcrl\u00fcklerine zarar vermemek kayd\u0131yla, veri sorumlusunun me\u015fru menfaatleri i\u00e7in veri i\u015flenmesinin zorunlu olmas\u0131\u201d<\/li>\n<\/ol>\n\n\n\n<p>Yukar\u0131da yer alan maddeler ayn\u0131 zamanda ki\u015fisel verilerin i\u015flenme \u015fartlar\u0131 anlam\u0131na da gelmekte olup veri sorumlusu olarak taraf\u0131m\u0131z a\u00e7\u0131s\u0131ndan ba\u011flay\u0131c\u0131d\u0131r. Bu maddelerin kapsam\u0131na bakt\u0131\u011f\u0131m\u0131zda kanun\u00ee y\u00fck\u00fcml\u00fcl\u00fcklerin ifas\u0131nda, alenile\u015ftirilmi\u015f verilerde ve ki\u015filerin temel hak ve \u00f6zg\u00fcrl\u00fcklerine zarar vermedi\u011fi m\u00fcddet\u00e7e taraf\u0131m\u0131z me\u015fru menfaatinin gerekli k\u0131ld\u0131\u011f\u0131 hallerde verilerin i\u015flenmesi i\u00e7in a\u00e7\u0131k r\u0131za aranmayacakt\u0131r.<\/p>\n\n\n\n<ol class=\"wp-block-list\" start=\"4\" style=\"list-style-type:upper-alpha\">\n<li><strong>\u00d6ZEL N\u0130TEL\u0130KTEK\u0130 K\u0130\u015e\u0130SEL VER\u0130 VE \u0130\u015eLENME \u015eARTLARI<\/strong><\/li>\n<\/ol>\n\n\n\n<p>Baz\u0131 veriler nitelikleri, do\u011fas\u0131 ve m\u00fcdahale etti\u011fi alan bak\u0131m\u0131ndan di\u011fer ki\u015fisel haklara nazaran daha vazge\u00e7ilmez bir pozisyonda bulunmaktad\u0131r. Bu nedenle i\u015f bu haklar\u0131n korunmas\u0131 ve i\u015flenmesi s\u00f6z konusu yasa kapsam\u0131nda ayr\u0131ca ve s\u0131k\u0131 \u015fekil \u015fartlar\u0131yla birlikte d\u00fczenlenmi\u015ftir. \u00d6zel nitelikteki ki\u015fisel haklar kanunun 6\/1 f\u0131kras\u0131nda \u015fu \u015fekilde tan\u0131mlanm\u0131\u015f ve say\u0131lm\u0131\u015ft\u0131r:<\/p>\n\n\n\n<p>\u201cKi\u015filerin \u0131rk\u0131, etnik k\u00f6keni, siyas\u00ee d\u00fc\u015f\u00fcncesi, felsef\u00ee inanc\u0131, dini, mezhebi veya di\u011fer inan\u00e7lar\u0131, k\u0131l\u0131k ve k\u0131yafeti, dernek, vak\u0131f ya da sendika \u00fcyeli\u011fi, sa\u011fl\u0131\u011f\u0131, cinsel hayat\u0131, ceza mahk\u00fbmiyeti ve g\u00fcvenlik tedbirleriyle ilgili verileri ile biyometrik ve genetik verileri \u00f6zel nitelikli ki\u015fisel veridir.\u2019\u2019<\/p>\n\n\n\n<p>S\u00f6z konusu haklar\u0131n ne \u015fekilde i\u015flenebilece\u011fi ise ayn\u0131 maddenin di\u011fer f\u0131kralar\u0131nda \u015fu \u015fekilde ifade olunmu\u015ftur:<\/p>\n\n\n\n<p>(2) \u00d6zel nitelikli ki\u015fisel verilerin, \u0130lgilinin a\u00e7\u0131k r\u0131zas\u0131 olmaks\u0131z\u0131n i\u015flenmesi yasakt\u0131r.<\/p>\n\n\n\n<p>(3) Birinci f\u0131krada say\u0131lan sa\u011fl\u0131k ve cinsel hayat d\u0131\u015f\u0131ndaki ki\u015fisel veriler, kanunlarda \u00f6ng\u00f6r\u00fclen h\u00e2llerde ilgili ki\u015finin a\u00e7\u0131k r\u0131zas\u0131 aranmaks\u0131z\u0131n i\u015flenebilir. Sa\u011fl\u0131k ve cinsel hayata ili\u015fkin ki\u015fisel veriler ise ancak kamu sa\u011fl\u0131\u011f\u0131n\u0131n korunmas\u0131, koruyucu hekimlik, t\u0131bb\u00ee te\u015fhis, tedavi ve bak\u0131m hizmetlerinin y\u00fcr\u00fct\u00fclmesi, sa\u011fl\u0131k hizmetleri ile finansman\u0131n\u0131n planlanmas\u0131 ve y\u00f6netimi amac\u0131yla, s\u0131r saklama y\u00fck\u00fcml\u00fcl\u00fc\u011f\u00fc alt\u0131nda bulunan ki\u015filer veya yetkili kurum ve kurulu\u015flar taraf\u0131ndan ilgilinin a\u00e7\u0131k r\u0131zas\u0131 aranmaks\u0131z\u0131n i\u015flenebilir.<\/p>\n\n\n\n<p>(4) \u00d6zel nitelikli ki\u015fisel verilerin i\u015flenmesinde, ayr\u0131ca Kurul taraf\u0131ndan belirlenen yeterli \u00f6nlemlerin al\u0131nmas\u0131 \u015fartt\u0131r.\u201d<\/p>\n\n\n\n<p>K\u00e2r amac\u0131 g\u00fctmeyen siyasi parti, vak\u0131f, dernek veya sendika gibi kurulu\u015f ya da olu\u015fumlar taraf\u0131ndan, yapt\u0131klar\u0131 faaliyetin gere\u011fi olarak \u00f6zel nitelikte ki\u015fisel verilerin i\u015flenmesi s\u00f6z konusu olabilmektedir. S\u00f6z konusu kurulu\u015f ve olu\u015fumlar, kendi \u00fcye ve mensuplar\u0131na ait \u00f6zel nitelikteki ki\u015fisel verilerini kurulu\u015f ama\u00e7lar\u0131na uygun olarak yani ama\u00e7la s\u0131n\u0131rl\u0131 olarak yasalara uygun \u015fekilde i\u015fleyebilecektir. Bir siyasi partinin \u00fcyelik bilgilerini saklamas\u0131 \u00f6zel nitelikte ki\u015fisel verinin i\u015flenmesi demektir. Yukar\u0131da da ifade edildi\u011fi \u00fczere, s\u00f6z konusu kurulu\u015f ve olu\u015fumlar ancak faaliyet alanlar\u0131 ve ama\u00e7lar\u0131yla uygun bir \u015fekilde i\u015f bu verileri i\u015fleyebilecektir. \u00d6rnekle ifade etmek gerekirse, bir sendika sadece i\u015f\u00e7ilerinin sendika \u00fcyelik kay\u0131tlar\u0131n\u0131 tutacak onlar\u0131n siyasi g\u00f6r\u00fc\u015f veya sa\u011fl\u0131k durumlar\u0131na ili\u015fkin \u00f6zel nitelikteki verilerini i\u015fleyemeyecektir.<\/p>\n\n\n\n<p>\u0130lgili ki\u015fi taraf\u0131ndan \u00f6zel nitelikteki ki\u015fisel veriler alenile\u015ftirilmi\u015f yani kamuya a\u00e7\u0131k hale gelmi\u015f ise s\u00f6z konusu verilerin i\u015flenmesi m\u00fcmk\u00fcnd\u00fcr. B\u00f6yle bir durumda veri sorumlusunun sorumlulu\u011funa gidilemeyecektir. H\u00e2kim olan g\u00f6r\u00fc\u015fe g\u00f6re, ilgili ki\u015fi bak\u0131m\u0131ndan bu gibi durumlarda hukuksal olarak korunan menfaat ortadan kalkm\u0131\u015f bulunmaktad\u0131r. Burada dikkat edilmesi gereken husus alenile\u015ftirmenin kapsam\u0131d\u0131r.<\/p>\n\n\n\n<p>Ki\u015fisel verilerde oldu\u011fu gibi \u00f6zel nitelikteki verilerde de bir hakk\u0131n tesisi, kullan\u0131lmas\u0131 veya korunmas\u0131 i\u00e7in i\u015flenmesinin zorunlu olmas\u0131 halinde r\u0131za \u015fart\u0131 aranmaks\u0131z\u0131n i\u015flenme hukuka uygun kabul edilmektedir. Engelli i\u015f\u00e7i \u00e7al\u0131\u015ft\u0131rma zorunlulu\u011fu olan bir i\u015fyerinin s\u00f6z konusu \u00e7al\u0131\u015fana ait verileri almas\u0131 ve i\u015flemesi yani ilgili kurum ve kurulu\u015flarla payla\u015fmas\u0131 halinde a\u00e7\u0131k r\u0131zaya gerek bulunmamaktad\u0131r. Benzer \u015fekilde \u00d6TV muafiyetinden faydalanarak ara\u00e7 almak isteyen engelli ki\u015fi yahut vasisinin s\u00f6z konusu verileri Vergi Dairesi ile payla\u015fmas\u0131 ve dairenin verileri i\u015flemesi halinde a\u00e7\u0131k r\u0131za \u015fart\u0131 aranmayacakt\u0131r.<\/p>\n\n\n\n<p>\u015eirket b\u00fcnyesinde al\u0131nan \u00f6zel nitelikli ki\u015fisel verilerin i\u015flenme \u015fartlar\u0131 ile ilgili bir de\u011ferlendirme yap\u0131ld\u0131\u011f\u0131nda s\u00f6z konusu verilerin niteli\u011fi kanunun 6.maddesi bakt\u0131\u011f\u0131m\u0131zda \u00f6nem arz etmektedir. S\u00f6z konusu kanun maddesinin ikinci f\u0131kras\u0131nda \u00f6zel nitelikli ki\u015fisel verilerin ancak a\u00e7\u0131k r\u0131za halinde i\u015flenebilece\u011fi kaleme al\u0131nm\u0131\u015ft\u0131r. Yani \u00f6zel nitelikli ki\u015fisel verilerin i\u015flenmesinde kural a\u00e7\u0131k r\u0131zad\u0131r. Ancak s\u00f6z konusu kanunun 6\/3 f\u0131kras\u0131nda sa\u011fl\u0131k ve cinsel hayata ili\u015fkin veriler hari\u00e7 kanunlarda a\u00e7\u0131k\u00e7a \u00f6ng\u00f6r\u00fclen hallerde i\u015flenebilecekleri kaleme al\u0131nm\u0131\u015ft\u0131r. Sa\u011fl\u0131k ve cinsel hayata ili\u015fkin veriler a\u00e7\u0131s\u0131ndan kanunda yazan haller istisna olarak d\u00fczenlenmedi\u011finden \u015firketimiz a\u00e7\u0131s\u0131ndan i\u015f bu verilerin i\u015flenmesi s\u00fcrecinde a\u00e7\u0131k r\u0131za aranmaktad\u0131r.<\/p>\n\n\n\n<p>Periyodik muayene formlar\u0131 ile raporlar sa\u011fl\u0131k verileri olarak al\u0131nan ba\u015fl\u0131ca verilerdir. Cinsel hayata ili\u015fkin veriler al\u0131nmamaktad\u0131r. Firmam\u0131z taraf\u0131ndan ayn\u0131 zamanda \u00f6zel nitelikli ki\u015fisel verilerden adli sicil kay\u0131tlar\u0131 i\u00e7inde a\u00e7\u0131k r\u0131za al\u0131nmaktad\u0131r.<\/p>\n\n\n\n<ol class=\"wp-block-list\" start=\"5\" style=\"list-style-type:upper-alpha\">\n<li><strong>VER\u0130 \u0130\u015eLENMES\u0130NE H\u00c2K\u0130M OLAN TEMEL \u0130LKELER<\/strong><\/li>\n<\/ol>\n\n\n\n<p>Ger\u00e7ek ki\u015filere ait ki\u015fisel verilerin tamamen veya k\u0131smen otomatik kay\u0131t y\u00f6ntemlerinin kullan\u0131lmas\u0131 yahut otomatik olmayan y\u00f6ntemlerle elde edilmesi, k\u0131smen veya tamamen de\u011fi\u015ftirilmesi, kategorize edilmesi, aktar\u0131lmas\u0131, kay\u0131t alt\u0131na al\u0131nmas\u0131, saklanmas\u0131, imha edilmesi \u015feklindeki her t\u00fcrl\u00fc i\u015flem ki\u015fisel verilerin i\u015flenmesi olarak adland\u0131r\u0131lmaktad\u0131r. \u0130\u015f bu a\u00e7\u0131klamadan da anla\u015f\u0131laca\u011f\u0131 \u00fczere, elde edilen verinin ba\u015fta elde edilmesi, saklanmas\u0131, aktar\u0131lmas\u0131 ve imha edilmesi s\u00fcre\u00e7lerinin hepsi verilerin i\u015flenmesi demektir.<\/p>\n\n\n\n<p>GDPR yani Avrupa Veri T\u00fcz\u00fc\u011f\u00fc ba\u015fta olmak \u00fczere uluslararas\u0131 belgelerde kabul g\u00f6rm\u00fc\u015f ve \u00fclkelerin yetkili k\u0131l\u0131nm\u0131\u015f kurul kararlar\u0131nda yer alm\u0131\u015f ki\u015fisel verilerin i\u015flenmesine ili\u015fkin temel ilkeler bulunmaktad\u0131r. Ki\u015fisel Verilerin Korunmas\u0131 Kanunu\u2019nun 4. Maddesinde ki\u015fisel verilerin i\u015flenmesine ili\u015fkin usul ve esaslar 108 say\u0131l\u0131 S\u00f6zle\u015fmeye ve 95\/46\/EC say\u0131l\u0131 Avrupa Birli\u011fi Direktifine paralel \u015fekilde d\u00fczenlenmi\u015ftir. Buna g\u00f6re; Kanunda ki\u015fisel verilerin i\u015flenmesinde say\u0131lan genel (temel) ilkeler \u015funlard\u0131r:<\/p>\n\n\n\n<ul class=\"wp-block-list\">\n<li>Hukuka ve d\u00fcr\u00fcstl\u00fck kurallar\u0131na uygun olma,<\/li>\n\n\n\n<li>Do\u011fru ve gerekti\u011finde g\u00fcncel olma,<\/li>\n\n\n\n<li>Belirli, a\u00e7\u0131k ve me\u015fru ama\u00e7lar i\u00e7in i\u015flenme,<\/li>\n\n\n\n<li>\u0130\u015flendikleri ama\u00e7la ba\u011flant\u0131l\u0131, s\u0131n\u0131rl\u0131 ve \u00f6l\u00e7\u00fcl\u00fc olma,<\/li>\n\n\n\n<li>\u0130lgili mevzuatta \u00f6ng\u00f6r\u00fclen veya i\u015flendikleri ama\u00e7 i\u00e7in gerekli olan s\u00fcre kadar muhafaza edilme.<\/li>\n<\/ul>\n\n\n\n<p>S\u00f6z konusu ilkeler d\u00fczenleyici i\u015flem yapma yetkisine sahip kurullar ve yarg\u0131 mercileri taraf\u0131ndan esas al\u0131narak uyu\u015fmazl\u0131klara uygulanmaktad\u0131r. Ki\u015fisel verilerin yasaya uygun elde edilip i\u015flendi\u011finden bahsedebilmemiz i\u00e7in s\u00f6z konusu verilerin yukar\u0131da yer alan ilkeler ve ilkelerin \u00f6z\u00fcnde yer alan temel saiklerin g\u00f6z \u00f6n\u00fcnde tutularak i\u015flenmesi gerekmektedir.<\/p>\n\n\n\n<ol class=\"wp-block-list\" start=\"6\" style=\"list-style-type:upper-alpha\">\n<li><strong>TALEP ED\u0130LEN K\u0130\u015e\u0130SEL VER\u0130LER VE BUNLARIN SAKLANMA \u015eEK\u0130LLER\u0130<\/strong><\/li>\n<\/ol>\n\n\n\n<p>Veri sorumlusu olarak (ekip arkada\u015flar\u0131m\u0131z i\u00e7in) \u0130\u015f Kanunu, aram\u0131zda yap\u0131lan i\u015f s\u00f6zle\u015fmesi ve i\u015fin gere\u011fi olarak \u00f6zl\u00fck dosyan\u0131z olu\u015fturulmas\u0131 ve sair nedenlerle a\u015fa\u011f\u0131daki bilgilerin i\u015f\u00e7ilerden al\u0131nmas\u0131 gereklidir. Talep edilecek bilgi ve belgeler \u015funlard\u0131r:<\/p>\n\n\n\n<ul class=\"wp-block-list\">\n<li>\u0130\u015f s\u00f6zle\u015fmesi\/ i\u015fletmeye ait y\u00f6netmelikler<\/li>\n\n\n\n<li>\u0130\u015fe giri\u015f bildirgesi<\/li>\n\n\n\n<li>Kimlik fotokopisi<\/li>\n\n\n\n<li>\u0130kametg\u00e2h ilm\u00fchaberi<\/li>\n\n\n\n<li>Ehliyet ve s\u00fcr\u00fcc\u00fc sertifika bilgi ve belgeleri<\/li>\n\n\n\n<li>Adli sicil kayd\u0131<\/li>\n\n\n\n<li>Sa\u011fl\u0131k raporu<\/li>\n\n\n\n<li>Resim<\/li>\n\n\n\n<li>Diploma ve e\u011fitim belgeleri<\/li>\n\n\n\n<li>E\u015f ve \u00e7ocuklar\u0131n kimlik fotokopileri\/ bilgileri<\/li>\n\n\n\n<li>Periyodik muayene formu<\/li>\n\n\n\n<li>\u0130zin formlar\u0131<\/li>\n\n\n\n<li>\u0130\u015f\u00e7i veya i\u015f\u00e7inin m\u00fcdahil oldu\u011fu tutanak ve olaylara ili\u015fkin evraklar<\/li>\n\n\n\n<li>\u0130mzal\u0131 bordrolar\/ hesap pusulalar\u0131<\/li>\n\n\n\n<li>\u0130leti\u015fim bilgileri (e-posta, telefon vs.) ve acil durumlar i\u00e7in bir yak\u0131n\u0131n ileti\u015fim bilgileri<\/li>\n\n\n\n<li>\u00d6demeler i\u00e7in hesap bilgileri<\/li>\n\n\n\n<li>Sendika bilgileri<\/li>\n\n\n\n<li>\u00d6nceki i\u015fyeri ki\u015fisel sa\u011fl\u0131k dosyas\u0131<\/li>\n\n\n\n<li>Kredi derecelendirme kurulu\u015flar\u0131ndan al\u0131nan risk raporlar\u0131 (Findeks raporlar\u0131 gibi)<\/li>\n\n\n\n<li>Vukuatl\u0131 Aile N\u00fcfus Kay\u0131t \u00d6rne\u011fi (Bo\u015fanma ve eski e\u015f bilgileri olmadan)<\/li>\n<\/ul>\n\n\n\n<ol class=\"wp-block-list\" start=\"7\" style=\"list-style-type:upper-alpha\">\n<li><strong>K\u0130\u015e\u0130SEL VER\u0130LER\u0130N SAKLANMASI VE \u0130\u015eLENMES\u0130NE DAYANAK HUKUK\u0130 SEBEPLER VE AMA\u00c7LAR<\/strong><\/li>\n<\/ol>\n\n\n\n<p>6698 say\u0131l\u0131 Kanunun 3\u2019\u00fcnc\u00fc maddesinde ki\u015fisel verilerin i\u015flenmesi kavram\u0131 tan\u0131mlanm\u0131\u015f, 4\u2019\u00fcnc\u00fc maddesinde i\u015flenen ki\u015fisel verinin i\u015flendikleri ama\u00e7la ba\u011flant\u0131l\u0131, s\u0131n\u0131rl\u0131 ve \u00f6l\u00e7\u00fcl\u00fc olmas\u0131 ve ilgili mevzuatta \u00f6ng\u00f6r\u00fclen veya i\u015flendikleri ama\u00e7 i\u00e7in gerekli s\u00fcre kadar muhafaza edilmesi gerekti\u011fi belirtilmi\u015f, 5 ve 6\u2019nc\u0131 maddelerde ise ki\u015fisel verilerin<\/p>\n\n\n\n<p>\u0130\u015fleme \u015fartlar\u0131 say\u0131lm\u0131\u015ft\u0131r.<\/p>\n\n\n\n<p>Buna g\u00f6re, Kurumumuz faaliyetleri \u00e7er\u00e7evesinde ki\u015fisel veriler, ilgili mevzuatta \u00f6ng\u00f6r\u00fclen veya i\u015fleme ama\u00e7lar\u0131m\u0131za uygun s\u00fcre kadar saklan\u0131r.<\/p>\n\n\n\n<p><strong>Veri i\u015flenmesine ve Veri \u0130\u015flemenin Alt Ba\u015fl\u0131klar\u0131ndan Veri Saklanmas\u0131na Esas Hukuki Sebepler<\/strong><\/p>\n\n\n\n<p>Kurumda, faaliyetleri \u00e7er\u00e7evesinde i\u015flenen ki\u015fisel veriler, ilgili mevzuatta \u00f6ng\u00f6r\u00fclen s\u00fcre kadar muhafaza edilir. Verilerin i\u015flenmesine ve bir veri i\u015fleme olan verilerin saklanmas\u0131na dayanak kanunlar a\u015fa\u011f\u0131daki gibidir;<\/p>\n\n\n\n<ul class=\"wp-block-list\">\n<li>6698 say\u0131l\u0131 Ki\u015fisel Verilerin Korunmas\u0131 Kanunu,<\/li>\n\n\n\n<li>6098 say\u0131l\u0131 T\u00fcrk Bor\u00e7lar Kanunu,<\/li>\n\n\n\n<li>4734 say\u0131l\u0131 Kamu \u0130hale Kanunu,<\/li>\n\n\n\n<li>5510 say\u0131l\u0131 Sosyal Sigortalar ve Genel Sa\u011fl\u0131k Sigortas\u0131 Kanunu,<\/li>\n\n\n\n<li>5651 say\u0131l\u0131 \u0130nternet Ortam\u0131nda Yap\u0131lan Yay\u0131nlar\u0131n D\u00fczenlenmesi ve Bu Yay\u0131nlar Yoluyla \u0130\u015flenen Su\u00e7larla M\u00fccadele Edilmesi Hakk\u0131nda Kanun,<\/li>\n\n\n\n<li>5018 say\u0131l\u0131 Kamu Mali Y\u00f6netimi Kanunu,<\/li>\n\n\n\n<li>6331 say\u0131l\u0131 \u0130\u015f Sa\u011fl\u0131\u011f\u0131 ve G\u00fcvenli\u011fi Kanunu,<\/li>\n\n\n\n<li>4982 Say\u0131l\u0131 Bilgi Edinme Kanunu,<\/li>\n\n\n\n<li>3071 say\u0131l\u0131 Dilek\u00e7e Hakk\u0131n\u0131n Kullan\u0131lmas\u0131na Dair Kanun,<\/li>\n\n\n\n<li>4857 say\u0131l\u0131 \u0130\u015f Kanunu,<\/li>\n\n\n\n<li>5434 say\u0131l\u0131 Emekli Sa\u011fl\u0131\u011f\u0131 Kanunu,<\/li>\n\n\n\n<li>6102 say\u0131l\u0131 T\u00fcrk Ticaret Kanunu<\/li>\n\n\n\n<li>6502 say\u0131l\u0131 T\u00fcketicinin Korunmas\u0131 Hakk\u0131nda Kanun<\/li>\n\n\n\n<li>6563 say\u0131l\u0131 Elektronik Ticaretin D\u00fczenlenmesi Hakk\u0131nda Kanun<\/li>\n<\/ul>\n\n\n\n<p><strong>Saklamay\u0131 Gerektiren \u0130\u015fleme Ama\u00e7lar\u0131<\/strong><\/p>\n\n\n\n<p>\u015eirket, faaliyetleri \u00e7er\u00e7evesinde elde edilen ki\u015fisel veriler a\u015fa\u011f\u0131daki ama\u00e7lar do\u011frultusunda saklan\u0131r ve i\u015flenir;<\/p>\n\n\n\n<ul class=\"wp-block-list\">\n<li>Ses kayd\u0131 i\u00e7in; arayan ki\u015fiye do\u011fru hitap edebilmek, araman\u0131n teyidi, i\u015flem g\u00fcvenli\u011fi, ileride do\u011fabilecek olan uyu\u015fmazl\u0131klarda delil olarak kullan\u0131labilmesi; talep, \u00f6neri, memnuniyet, \u015fik\u00e2yet, itiraz gibi bildirimlerin kay\u0131t alt\u0131na al\u0131narak incelenmesi ve gerekti\u011finde yan\u0131tlanmas\u0131 ile hizmet kalitesi takibi, hukuk g\u00fcvenli\u011fin sa\u011flanmas\u0131, kanun\u00ee hak ve y\u00fck\u00fcml\u00fcl\u00fcklerin yerine getirilmesi.<\/li>\n\n\n\n<li>\u015eirket i\u00e7i insan kaynaklar\u0131 s\u00fcre\u00e7lerini y\u00fcr\u00fctmek.<\/li>\n\n\n\n<li>\u015eirket i\u00e7i ileti\u015fimi sa\u011flamak.<\/li>\n\n\n\n<li>\u015eirket ve \u015firket \u00e7al\u0131\u015fanlar\u0131 ile \u00fc\u00e7\u00fcnc\u00fc ki\u015fi konumundaki ger\u00e7ek ve t\u00fczel ki\u015filerin g\u00fcvenli\u011fini sa\u011flamak.<\/li>\n\n\n\n<li>\u015eirket ve \u015firket \u00e7al\u0131\u015fanlar\u0131 ile \u00fc\u00e7\u00fcnc\u00fc ki\u015fi konumundaki ger\u00e7ek ve t\u00fczel ki\u015filerin korunan yasal menfaatlerinin gerektirmesi.<\/li>\n\n\n\n<li>\u0130statistiksel \u00e7al\u0131\u015fmalar yapabilmek risk de\u011ferlendirmelerinde bulunmak.<\/li>\n\n\n\n<li>Kurum i\u00e7i etkinlik y\u00f6netimini sa\u011flamak.<\/li>\n\n\n\n<li>\u0130\u015f ortaklar\u0131, Nakliyeci veya Tedarik\u00e7iler ile olan ili\u015fkilerin y\u00f6netimini sa\u011flamak.<\/li>\n\n\n\n<li>Talep ve \u015fik\u00e2yet y\u00f6netimini y\u00fcr\u00fctmek.<\/li>\n\n\n\n<li>\u0130mzalanan s\u00f6zle\u015fmeler ve protokoller neticesinde i\u015f ve i\u015flemleri ifa edebilmek.<\/li>\n\n\n\n<li>6698 say\u0131l\u0131 kanun uyar\u0131nca taraf\u0131m\u0131za y\u00fcklenen y\u00fck\u00fcml\u00fcl\u00fckleri ifa etmek i\u00e7in gerekli bilgi ve belgeleri Kuruma iletmek i\u00e7in yasal d\u00fczenlemelerin gerektirdi\u011fi veya zorunlu k\u0131ld\u0131\u011f\u0131 \u015fekilde, hukuki y\u00fck\u00fcml\u00fcl\u00fcklerin yerine getirilmesini sa\u011flamak.<\/li>\n\n\n\n<li>\u015eirket ile i\u015f ili\u015fkisinde bulunan ger\u00e7ek ve t\u00fczel ki\u015filerle irtibat sa\u011flamak.<\/li>\n\n\n\n<li>\u015eirketin \u00fcretim ve pazarlama politikalar\u0131 kapsam\u0131nda i\u015flemleri y\u00fcr\u00fctmek.<\/li>\n\n\n\n<li>Yasal raporlamalar yapmak.<\/li>\n\n\n\n<li>\u0130leride do\u011fmas\u0131 muhtemel uyu\u015fmazl\u0131klarda delil mahiyetinde maddi ve hukuki olgular\u0131n ispat\u0131n\u0131n sa\u011flanmak.<\/li>\n\n\n\n<li>S\u00f6z konusu hesap ve kimlik verileri Bordro i\u015flemlerinin takibini yapmak (muhasebe program\u0131nda tutulmakta ve s\u00f6z konusu program veri depolama alan\u0131nda muhafaza edilmektedir).<\/li>\n\n\n\n<li>Te\u015fvik ve sair \u00e7al\u0131\u015fan\/i\u015f\u00e7i lehine kanunu mali haklar\u0131n korunmas\u0131 i\u00e7in 5510 say\u0131l\u0131 Sosyal Sigortalar ve Genel Sa\u011fl\u0131k Sigortas\u0131 Kanunu kapsam\u0131nda kurum bildirimleri i\u00e7in s\u00fcre\u00e7 y\u00f6netiminin zorunlu k\u0131lmas\u0131.<\/li>\n\n\n\n<li>Ki\u015fisel verileriniz ula\u015f\u0131m, ara\u00e7 tedari\u011fi, kartvizit bas\u0131m\u0131 gibi sebeplerle ilgili \u00e7\u00f6z\u00fcm orta\u011f\u0131 veya \u00fc\u00e7\u00fcnc\u00fc ki\u015fi ve firmalar ile ama\u00e7la s\u0131n\u0131rl\u0131 olarak Kurum i\u00e7i ileti\u015fim ve faaliyetlerin s\u00fcrd\u00fcr\u00fclmesini sa\u011flamak.<\/li>\n\n\n\n<li>Firma veya yasal \u015fartlar\u0131n olu\u015fmas\u0131 halinde \u00fc\u00e7\u00fcnc\u00fc ki\u015filerin yasal haklar\u0131n\u0131 korumak<\/li>\n\n\n\n<li>Bordro veya sa\u011fl\u0131k bilgileri bak\u0131m\u0131ndan ilgili kurum denet\u00e7ileri i\u00e7in denetim faaliyetlerinin mevzuata uygun y\u00fcr\u00fct\u00fclmesini sa\u011flamak.<\/li>\n\n\n\n<li>\u0130lgili ki\u015finin yak\u0131n\u0131 ve ailesine ait ileti\u015fim bilgilerinin acil s\u00fcre\u00e7 y\u00f6netimlerini sa\u011flamak.<\/li>\n\n\n\n<li>\u0130\u015fe giri\u015f \u00e7\u0131k\u0131\u015flar\u0131 takip etmek.<\/li>\n\n\n\n<li>Fiziksel mek\u00e2n g\u00fcvenli\u011fi ve a\u011f g\u00fcvenli\u011fini sa\u011flamak.<\/li>\n\n\n\n<li>\u015eirket ara\u00e7lar\u0131n\u0131n tashihi i\u00e7in uygun personeli belirlemek.<\/li>\n\n\n\n<li>E\u011fitim s\u00fcre\u00e7lerinin takibini y\u00fcr\u00fctmek.<\/li>\n\n\n\n<li>\u0130\u015eKUR, SGK ba\u015fta olmak \u00fczere i\u015f\u00e7i lehine veri payla\u015f\u0131lmas\u0131n\u0131n zorunlu oldu\u011fu kamu kurum ve kurulu\u015flara kar\u015f\u0131 y\u00fck\u00fcml\u00fcl\u00fckleri ifa etmek.<\/li>\n\n\n\n<li>Ba\u015fta d\u00fczenleyici ve denetleyici kurum ve kurulu\u015flar olmak \u00fczere kamu kurum ve kurulu\u015flar\u0131n\u0131n talep etti\u011fi bilgi ve belgelerin ilgili kurumlara teminini sa\u011flamak.<\/li>\n\n\n\n<li>Adli mercilerin talepleri do\u011frultusunda istenilen bilgi ve belgelerin adli makamlar ile payla\u015f\u0131lmas\u0131n\u0131 sa\u011flamak.<\/li>\n\n\n\n<li>\u00d6zl\u00fck dosyalar\u0131n\u0131 olu\u015fturmak.<\/li>\n\n\n\n<li>G\u00f6revlendirme s\u00fcre\u00e7lerini y\u00f6netmek.<\/li>\n\n\n\n<li>Yetki matrisi olu\u015fturmak.<\/li>\n<\/ul>\n\n\n\n<p>Yukar\u0131daki ama\u00e7lar do\u011frultusunda elde edilen veriler veri sorumlusunun g\u00f6zetiminde gizlilikleri korunarak yasal s\u00fcreler i\u00e7erisinde veri i\u015fleyenler taraf\u0131ndan korunacakt\u0131r. \u015eirketimiz veri i\u015fleyenleri \u015funlard\u0131r:<\/p>\n\n\n\n<ul class=\"wp-block-list\">\n<li>\u015eirketimiz muhasebe departman\u0131\/birimi<\/li>\n\n\n\n<li>\u015eirketimiz insan kaynaklar\u0131 departman\u0131\/birimi<\/li>\n\n\n\n<li>\u015eirketimiz disiplin kurulu<\/li>\n\n\n\n<li>\u015eirketimiz Ki\u015fisel Verilerin Korunmas\u0131ndan Sorumlu ki\u015filer<\/li>\n\n\n\n<li>\u015eirketimiz irtibat ki\u015fisi (bu ki\u015fi ayn\u0131 zamanda ki\u015fisel verilerin korunmas\u0131ndan sorumlu ki\u015fidir)<\/li>\n\n\n\n<li>\u0130\u015fe al\u0131mlarda ve \u015firket i\u00e7i yetkilendirme ile i\u015f\u00e7i g\u00f6r\u00fc\u015fmelerinde idari personel<\/li>\n\n\n\n<li>\u015eirket doktoru<\/li>\n\n\n\n<li>Performans de\u011ferlendirmeleri bak\u0131m\u0131ndan birim \u015fefleri<\/li>\n\n\n\n<li>\u015eirket avukatlar\u0131<\/li>\n\n\n\n<li>Mali m\u00fc\u015favirler<\/li>\n\n\n\n<li>\u00d6zel hizmet sa\u011flay\u0131c\u0131lar\u0131<\/li>\n\n\n\n<li>IT depertman\u0131<\/li>\n\n\n\n<li>Teknik personel<\/li>\n\n\n\n<li>Pazarlama Departman\u0131<\/li>\n<\/ul>\n\n\n\n<p>S\u00f6z konusu i\u015fin niteli\u011fine g\u00f6re ba\u015fka ki\u015filerde veri i\u015fleyen olarak halin ve i\u015fin icab\u0131 gere\u011fi bu stat\u00fcye girebilir. Her kim veri i\u015fleyen s\u0131fat\u0131n\u0131 alm\u0131\u015f ise ilgili mevzuat gere\u011fi veri g\u00fcvenli\u011fini sa\u011flamaya \u00e7al\u0131\u015facak olup s\u00f6z konusu verileri ama\u00e7la s\u0131n\u0131rl\u0131 olarak kullanacakt\u0131r. \u00d6rne\u011fin, sa\u011fl\u0131k kay\u0131tlar\u0131 muhasebe birimi taraf\u0131ndan incelenmeyecektir.<\/p>\n\n\n\n<p>Ki\u015fisel veriler veri i\u015fleyenler taraf\u0131ndan herkesin ula\u015famayaca\u011f\u0131 yerde sadece i\u015fleyen ki\u015fiye tahsisli anahtarla kilitli olarak muhafaza edilecektir. S\u00f6z konusu verilerin g\u00fcvenlikleri 24 saat usul\u00fc \u00e7al\u0131\u015fan kameralarla sa\u011flanacakt\u0131r.<\/p>\n\n\n\n<p>Ki\u015fisel verilerin i\u015flenme ve m\u00fcnhas\u0131ran saklanma s\u00fcre\u00e7lerinde al\u0131nan teknik ve idari tedbirlere uzant\u0131l\u0131 internet sitesinde KVKK \u00fcst ba\u015fl\u0131\u011f\u0131 alt\u0131nda yer alan KVKK \u0130mha Politikas\u0131 ve KVKK politikas\u0131 ba\u015fl\u0131klar\u0131nda yer alan a\u00e7\u0131klamalardan ula\u015fabilirsiniz.<\/p>\n\n\n\n<ol class=\"wp-block-list\" start=\"8\" style=\"list-style-type:upper-alpha\">\n<li><strong>K\u0130\u015e\u0130SEL VER\u0130LER\u0130N SAKLANMA S\u00dcRELER\u0130 VE \u0130MHALARI<\/strong><\/li>\n<\/ol>\n\n\n\n<p>\u015eirketimiz b\u00fcnyesinde verilerin imhas\u0131 i\u00e7in y\u0131l\u0131n Ocak ve temmuz aylar\u0131 imha d\u00f6nemleri olarak belirlenmi\u015ftir. \u0130lgili ki\u015filerden elde edilen ki\u015fisel veriler saklama s\u00fcrelerinin bitiminden itibaren takip eden imha d\u00f6nemi i\u00e7inde \u015firket b\u00fcnyesindeki verilerin korunmas\u0131ndan sorumlu personel\/ personeller taraf\u0131ndan silinecek, yok edilecek veya anonim hale getirilecektir. \u0130mha i\u015flemine ili\u015fkin tutanaklar ba\u011f\u0131ms\u0131z bir yerde \u015firket b\u00fcnyesindeki verilerin korunmas\u0131ndan sorumlu personel\/personeller taraf\u0131ndan 3 (\u00fc\u00e7) y\u0131l s\u00fcreyle tutulacakt\u0131r. \u00dc\u00e7 y\u0131l sonra s\u00f6z konusu tutanaklarda imha edilecektir. \u0130mha i\u015flemine ili\u015fkin 28 Ekim 2017 tarih ve 30224 say\u0131l\u0131 Ki\u015fisel Verilerin Silinmesi, Yok Edilmesi Veya Anonim Hale Getirilmesi Hakk\u0131nda Y\u00f6netmelik ile 6698 say\u0131l\u0131 Ki\u015fisel Verilerin Korunmas\u0131 Kanunu h\u00fck\u00fcmleri esas al\u0131nacakt\u0131r.<\/p>\n\n\n\n<p><strong>\u0130mhay\u0131 gerektiren sebepler \u015funlard\u0131r:<\/strong><\/p>\n\n\n\n<ul class=\"wp-block-list\">\n<li>S\u00f6z konusu verinin i\u015flenmesine dayanak ilgili mevzuat h\u00fck\u00fcmlerinin de\u011fi\u015ftirilmesi veya ilgas\u0131<\/li>\n\n\n\n<li>Verinin i\u015flenmesine ve saklanmas\u0131na dayanak te\u015fkil eden amac\u0131n ortadan kalkmas\u0131,<\/li>\n\n\n\n<li>Ki\u015fisel verileri i\u015flemenin sadece a\u00e7\u0131k r\u0131za \u015fart\u0131na istinaden ger\u00e7ekle\u015fti\u011fi hallerde, ilgili ki\u015finin a\u00e7\u0131k r\u0131zas\u0131n\u0131 geri almas\u0131,<\/li>\n\n\n\n<li>\u0130lgili ki\u015finin 6698 say\u0131l\u0131 11.madde kapsam\u0131nda verilerin silinmesi, yok edilmesi veya anonim hale getirilmesi i\u00e7in \u015firkete yapt\u0131\u011f\u0131 ba\u015fvurunun kabul edilmesi halinde,<\/li>\n\n\n\n<li>\u015eirkete yap\u0131lan anonim hale getirme, imha veya yok edilme talebinin uygun bulunmamas\u0131 halinde Kurula yap\u0131lan \u015fik\u00e2yette ilgili ki\u015fi talebinin kabul edilmesi halinde,<\/li>\n\n\n\n<li>Saklama s\u00fcresinin bitmesi ve daha uzun s\u00fcre saklamay\u0131 hakl\u0131 k\u0131lacak herhangi bir \u015fart\u0131n somut olay \u00f6zelinde bulunmamas\u0131<\/li>\n<\/ul>\n\n\n\n<p>Ki\u015fisel verilerin g\u00fcvenli bir \u015fekilde saklanmas\u0131, hukuka ayk\u0131r\u0131 olarak i\u015flenmesi ve eri\u015filmesinin \u00f6nlenmesi ile ki\u015fisel verilerin hukuka uygun olarak imha edilmesi i\u00e7in Kanunun 12\u2019nci maddesiyle Kanunun 6\u2019nc\u0131 maddesi d\u00f6rd\u00fcnc\u00fc f\u0131kras\u0131 gere\u011fi \u00f6zel nitelikli ki\u015fisel veriler i\u00e7in Kurul taraf\u0131ndan belirlenerek ilan edilen yeterli \u00f6nlemler \u00e7er\u00e7evesinde \u015eirket taraf\u0131ndan teknik ve idari tedbirler al\u0131n\u0131r.<\/p>\n\n\n\n<p>\u0130\u015f\u00e7ilerden al\u0131nacak ki\u015fisel veriler niteliklerine g\u00f6re farkl\u0131 zaman dilimlerinde saklan\u0131p imha edilirler. \u0130\u015fe al\u0131m evraklar\u0131 ile Sosyal G\u00fcvenlik Kurumuna ger\u00e7ekle\u015ftirilen; hizmet s\u00fcresine ve \u00fccrete dair bildirimlere esas \u00f6zl\u00fck verileri, Hizmet akdinin devam\u0131nda ve hitam\u0131ndan itibaren de 15(on be\u015f) y\u0131l m\u00fcddetle muhafaza edilir. Bu s\u00fcrenin bitiminden sonraki imha d\u00f6nemi i\u00e7inde de s\u00f6z konusu veriler imha edilirler. \u0130\u015fe al\u0131m evraklar\u0131 ile Sosyal G\u00fcvenlik Kurumuna ger\u00e7ekle\u015ftirilen; hizmet s\u00fcresine ve \u00fccrete dair bildirimlere esas \u00f6zl\u00fck verileri d\u0131\u015f\u0131nda kalan \u00f6zl\u00fck verileri, hizmet akdinin devam\u0131nda ve hitam\u0131n\u0131 takip eden takvim y\u0131l\u0131 y\u0131lba\u015f\u0131ndan itibaren de 10 (on) y\u0131l m\u00fcddetle muhafaza edilir.<\/p>\n\n\n\n<p>Bu s\u00fcrenin bitiminden sonraki imha d\u00f6nemi i\u00e7inde de s\u00f6z konusu veriler imha edilirler. \u0130\u015fyeri Ki\u015fisel Sa\u011fl\u0131k Dosyas\u0131 \u0130\u00e7eri\u011findeki Veriler, Hizmet akdinin devam\u0131nda ve hitam\u0131ndan itibaren 15 (on be\u015f), \u00f6l\u00fcml\u00fc i\u015f kazas\u0131 var ise 20 (yirmi) y\u0131l, e\u011fer i\u015f kazas\u0131 bir ceza davas\u0131 da s\u00f6z konusu ise 30 (otuz) y\u0131l m\u00fcddetle muhafaza edilir. Bu s\u00fcrenin bitiminden sonraki imha d\u00f6nemi i\u00e7inde de s\u00f6z konusu veriler imha edilirler. S\u00f6z konusu imha ve saklanma politikalar\u0131na ili\u015fkin detayl\u0131 \u00f6zellikle saklama s\u00fcrelerine ili\u015fkin a\u00e7\u0131klamalara internet sitemizde yer alan KVKK \u0130mha Politikas\u0131 adl\u0131 ba\u015fl\u0131ktan ula\u015f\u0131labilir.<\/p>\n\n\n\n<p>\u0130lgili ki\u015fi, Kanunun 13\u2019\u00fcnc\u00fc maddesine istinaden Lotus Mekanik Sanayi ve Ticaret Anonim \u015eirketi\u2019ne ba\u015fvurarak kendisine ait ki\u015fisel verilerin silinmesini veya yok edilmesini talep etti\u011finde;<\/p>\n\n\n\n<ol class=\"wp-block-list\">\n<li>Ki\u015fisel verileri i\u015fleme \u015fartlar\u0131n\u0131n tamam\u0131 ortadan kalkm\u0131\u015fsa; \u015eirket talebe konu ki\u015fisel verileri talebi ald\u0131\u011f\u0131 g\u00fcnden itibaren 30 (otuz) g\u00fcn i\u00e7inde 1 gerek\u00e7esini a\u00e7\u0131klayarak uygun imha y\u00f6ntemi ile siler, yok eder veya anonim hale getirir. \u015eirket\u2019in talebi alm\u0131\u015f say\u0131lmas\u0131 i\u00e7in ilgili ki\u015finin talebini Ki\u015fisel Verilerin \u0130\u015flenmesi ve Korunmas\u0131 Politikas\u0131na uygun olarak yapm\u0131\u015f olmas\u0131 gerekir. \u015eirket, her halde yap\u0131lan i\u015flemle ilgili ilgili ki\u015fiye bilgi verir.<\/li>\n\n\n\n<li>Ki\u015fisel verileri i\u015fleme \u015fartlar\u0131n\u0131n tamam\u0131 ortadan kalkmam\u0131\u015fsa, bu talep \u015eirket taraf\u0131ndan Kanunun 13\u2019\u00fcnc\u00fc maddesinin \u00fc\u00e7\u00fcnc\u00fc f\u0131kras\u0131 uyar\u0131nca gerek\u00e7esi a\u00e7\u0131klanarak reddedilebilir ve ret cevab\u0131 ilgili ki\u015fiye en ge\u00e7 otuz g\u00fcn i\u00e7inde yaz\u0131l\u0131 olarak ya da elektronik ortamda bildirilir. \u0130lgili ki\u015finin kuruma \u015fik\u00e2yet hakk\u0131 sakl\u0131d\u0131r. Bu ba\u011flamda ilgili ki\u015filer taleplerin reddedildi\u011fini \u00f6\u011frenmelerinden itibaren Kurula 60 (altm\u0131\u015f g\u00fcn) i\u00e7inde ba\u015fvurabilir.<\/li>\n\n\n\n<li>Bu \u00e7er\u00e7evede \u201cyaz\u0131l\u0131\u201d olarak \u015eirketimize yap\u0131lacak ba\u015fvurular,<\/li>\n<\/ol>\n\n\n\n<ul class=\"wp-block-list\">\n<li>Ba\u015fvuru Sahibinin \u015fahsen ba\u015fvurusu ile,<\/li>\n\n\n\n<li>Noter vas\u0131tas\u0131yla,<\/li>\n\n\n\n<li>Ba\u015fvuru Sahibince 5070 Say\u0131l\u0131 Elektronik \u0130mza Kanunu\u2019nda tan\u0131ml\u0131 olan \u201cg\u00fcvenli elektronik imza\u201d ile imzalanarak<\/li>\n\n\n\n<li>\u015eirket kay\u0131tl\u0131 elektronik posta adresine g\u00f6nderilmek suretiyle, taraf\u0131m\u0131za iletilebilecektir.<\/li>\n<\/ul>\n\n\n\n<p>\u0130\u015f bu ayd\u0131nlatma metni kapsam\u0131nda bahsedilen haklar\u0131n\u0131z\u0131 kullanmak \u00fczere talep ve \u015fikayetlerinizi iletmek i\u00e7in ileti\u015fim bilgilerimize i\u015f bu ayd\u0131nlatma metni i\u00e7inde \u0130LG\u0130L\u0130 K\u0130\u015e\u0130 OLARAK \u0130\u015e\u00c7\u0130N\u0130N HAKLARI ba\u015fl\u0131\u011f\u0131 alt\u0131nda ayr\u0131nt\u0131l\u0131 olarak yer verilmi\u015ftir.<\/p>\n\n\n\n<ol class=\"wp-block-list\" start=\"9\" style=\"list-style-type:upper-alpha\">\n<li><strong>K\u0130\u015e\u0130SEL VER\u0130LER\u0130N AKTARILMASI<\/strong><\/li>\n<\/ol>\n\n\n\n<p>Ki\u015fisel verilerin \u00fclke s\u0131n\u0131rlar\u0131 i\u00e7inde ne \u015fekilde ve ne \u015fartlar alt\u0131nda \u00fc\u00e7\u00fcnc\u00fc ki\u015filere aktar\u0131laca\u011f\u0131 Ki\u015fisel Verilerin Korunmas\u0131 Kanunu\u2019nun 8. maddesi kapsam\u0131nda d\u00fczenlenmi\u015ftir. \u0130\u015f bu maddeye g\u00f6re ancak ki\u015filerin a\u00e7\u0131k r\u0131zalar\u0131n\u0131n olmas\u0131 halinde ki\u015fisel verilerin aktar\u0131lmas\u0131 m\u00fcmk\u00fcnd\u00fcr. Ancak yine ayn\u0131 kanun maddesinde 5.ve 6. madde kapsam\u0131ndaki \u015fartlar\u0131n olmas\u0131 halinde a\u00e7\u0131k r\u0131za olmaks\u0131z\u0131n da ki\u015fisel verilerin aktar\u0131labilece\u011fini kaleme al\u0131nm\u0131\u015ft\u0131r. S\u00f6z konusu kanun maddelerinin birlikte yorumlanmas\u0131ndan \u00e7\u0131kan sonu\u00e7;<\/p>\n\n\n\n<ul class=\"wp-block-list\">\n<li>\u0130lgili ki\u015finin a\u00e7\u0131k r\u0131zas\u0131n\u0131n al\u0131nmas\u0131,<\/li>\n\n\n\n<li>Kanunlarda a\u00e7\u0131k\u00e7a \u00f6ng\u00f6r\u00fclmesi,<\/li>\n\n\n\n<li>Fiili imk\u00e2ns\u0131zl\u0131k nedeniyle r\u0131zas\u0131n\u0131 a\u00e7\u0131klayamayacak durumda bulunan veya r\u0131zas\u0131na hukuki ge\u00e7erlilik tan\u0131nmayan ki\u015finin kendisinin ya da bir ba\u015fkas\u0131n\u0131n hayat\u0131 veya beden b\u00fct\u00fcnl\u00fc\u011f\u00fcn\u00fcn korunmas\u0131 i\u00e7in zorunlu olmas\u0131,<\/li>\n\n\n\n<li>Bir s\u00f6zle\u015fmenin kurulmas\u0131 veya ifas\u0131yla do\u011frudan do\u011fruya ilgili olmas\u0131 kayd\u0131yla, s\u00f6zle\u015fmenin taraflar\u0131na ait ki\u015fisel verilerin i\u015flenmesinin gerekli olmas\u0131,<\/li>\n\n\n\n<li>Veri sorumlusunun hukuki y\u00fck\u00fcml\u00fcl\u00fc\u011f\u00fcn\u00fc yerine getirebilmesi i\u00e7in zorunlu olmas\u0131,<\/li>\n\n\n\n<li>\u0130lgili ki\u015finin kendisi taraf\u0131ndan alenile\u015ftirilmi\u015f olmas\u0131,<\/li>\n\n\n\n<li>Bir hakk\u0131n tesisi, kullan\u0131lmas\u0131 veya korunmas\u0131 i\u00e7in veri i\u015flemenin zorunlu olmas\u0131,<\/li>\n\n\n\n<li>\u0130lgili ki\u015finin temel hak ve \u00f6zg\u00fcrl\u00fcklerine zarar vermemek kayd\u0131yla, veri sorumlusunun me\u015fru menfaatleri i\u00e7in veri i\u015flenmesinin zorunlu olmas\u0131 halinde ki\u015fisel verilerin aktar\u0131labilmesi m\u00fcmk\u00fcnd\u00fcr.<\/li>\n<\/ul>\n\n\n\n<p><strong>\u00d6zel nitelikteki ki\u015fisel verilerin aktar\u0131labilmesi i\u00e7in ise;<\/strong><\/p>\n\n\n\n<p>\u0130lgili ki\u015finin a\u00e7\u0131k r\u0131zas\u0131n\u0131n al\u0131nmas\u0131 halinde,<\/p>\n\n\n\n<p>Sa\u011fl\u0131k ve cinsel hayat d\u0131\u015f\u0131ndaki \u00f6zel nitelikli ki\u015fisel veriler bak\u0131m\u0131ndan kanunlarda a\u00e7\u0131k\u00e7a \u00f6ng\u00f6r\u00fclm\u00fc\u015f olmas\u0131 halinde, Sa\u011fl\u0131k ve cinsel hayata ili\u015fkin ki\u015fisel veriler bak\u0131m\u0131ndan ise kamu sa\u011fl\u0131\u011f\u0131n\u0131n korunmas\u0131, koruyucu hekimlik, t\u0131bbi te\u015fhis, tedavi ve bak\u0131m hizmetlerinin y\u00fcr\u00fct\u00fclmesi, sa\u011fl\u0131k hizmetleri ile finansman\u0131n\u0131n planlanmas\u0131 ve y\u00f6netimi amac\u0131yla, s\u0131r saklama y\u00fck\u00fcml\u00fcl\u00fc\u011f\u00fc alt\u0131nda bulunan ki\u015filer veya yetkili kurum ve kurulu\u015flar taraf\u0131ndan \u00f6zel nitelikteki ki\u015fisel veriler \u00fc\u00e7\u00fcnc\u00fc ki\u015filere aktar\u0131labilir.<\/p>\n\n\n\n<p>Ki\u015fisel verilerin yaln\u0131zca ger\u00e7ek ki\u015filere ait veriler olabilmesinin aksine, \u201cveri sorumlusu\u201d ve \u201cveri i\u015fleyen\u201d hem ger\u00e7ek hem de t\u00fczel ki\u015fi olabilmektedir.<\/p>\n\n\n\n<p>Ki\u015fisel veriler \u00fczerinde i\u015flem ger\u00e7ekle\u015ftiren her t\u00fcrl\u00fc ger\u00e7ek veya t\u00fczel ki\u015fi, veri i\u015flenmesine ili\u015fkin ama\u00e7 ve y\u00f6ntemlerine g\u00f6re ya veri sorumlusu ya da veri i\u015fleyendir. Bu ba\u011flamda, s\u00f6z konusu iki kategorideki ki\u015filer aras\u0131nda ger\u00e7ekle\u015ftirilecek her t\u00fcrl\u00fc veri aktar\u0131m\u0131 i\u00e7in de Kanunun 8. maddesinde yer alan d\u00fczenlemelere uyulmas\u0131 gerekmektedir.<\/p>\n\n\n\n<p>Ki\u015fisel verilerin \u015firketimiz faaliyet kapsam\u0131 ve ticari menfaatleri kapsam\u0131nda ki\u015fisel verileri yurt d\u0131\u015f\u0131ndaki kamu ve \u00f6zel t\u00fczel ki\u015filere yasal \u015fartlar minvalinde aktarmas\u0131 m\u00fcmk\u00fcnd\u00fcr. Kanun\u2019un 9. maddesine g\u00f6re, yurt d\u0131\u015f\u0131na veri aktar\u0131m\u0131; \u0130lgili ki\u015finin a\u00e7\u0131k r\u0131zas\u0131n\u0131n bulunmas\u0131, Kanun\u2019da belirtilen hallerin varl\u0131\u011f\u0131nda (Kanun\u2019un 5. maddesinin 2. f\u0131kras\u0131 ile 6. maddesinin 3. f\u0131kras\u0131nda belirtilen \u015fartlar) veri aktar\u0131lacak \u00fclkede yeterli koruman\u0131n bulunmas\u0131 (Kurul taraf\u0131ndan g\u00fcvenli kabul edilen \u00fclkeler), Kanun\u2019da belirtilen hallerin varl\u0131\u011f\u0131nda (Kanun\u2019un 5. maddesinin 2. f\u0131kras\u0131 ile 6. maddesinin 3. f\u0131kras\u0131nda belirtilen \u015fartlar) veri aktar\u0131lacak \u00fclkede yeterli koruman\u0131n bulunmamas\u0131 halinde (Kurul taraf\u0131ndan g\u00fcvenli kabul edilmeyen \u00fclkeler), yeterli koruman\u0131n yaz\u0131l\u0131 olarak taahh\u00fct edilmesi ve Kurul\u2019un izninin bulunmas\u0131 durumlar\u0131nda ger\u00e7ekle\u015ftirilebilir.<\/p>\n\n\n\n<p>Yukar\u0131daki a\u00e7\u0131klamalar \u0131\u015f\u0131\u011f\u0131nda s\u00f6z konusu veriler \u015firketimiz ilgili personeli, \u015firket y\u00f6neticileri, kulland\u0131\u011f\u0131m\u0131z yurt i\u00e7i server (sunucular), veri sorumlusu ad\u0131na veri i\u015fleyen, \u00f6l\u00e7\u00fcmleme, hedefleme, profilleme deste\u011fi veren ki\u015fi ve kurulu\u015flar, avukatlar, denetim \u015firketleri i\u015f ve \u00e7\u00f6z\u00fcm ortaklar\u0131, tedarik\u00e7iler, adli merciler, d\u00fczenleyici ve denetleyici kurumlar ve resmi merciler ile payla\u015f\u0131labilecektir.<\/p>\n\n\n\n<p>\u0130\u015flenen verilerden ad, soyad\u0131, telefon, adres, konum, sa\u011fl\u0131k raporlar\u0131 \u015feklindeki veriler \u00e7evrimi\u00e7i veri aktar\u0131m\u0131 yapan haberle\u015fme, depolama ve ileti\u015fim programlar\u0131 taraf\u0131ndan kullan\u0131lan yurt d\u0131\u015f\u0131 serverlar\u0131 ve veri merkezleri ile payla\u015f\u0131labilecektir.<\/p>\n\n\n\n<p>\u00c7evrimi\u00e7i veri aktar\u0131m\u0131 yapan haberle\u015fme, depolama ve ileti\u015fim programlar\u0131 taraf\u0131ndan kullan\u0131lan yurt d\u0131\u015f\u0131 serverlar\u0131 ve veri merkezleri bak\u0131m\u0131ndan verilerin aktar\u0131ld\u0131\u011f\u0131 \u00fclke \u00e7e\u015fitlilik g\u00f6stermekle birlikte Google ve Microsoft Tabanl\u0131 \u00c7evrim \u0130\u00e7i uygulamalar\u0131n y\u00f6netim merkezi Amerika Birle\u015fik Devletleri olup, Yandex\u2019in y\u00f6netim merkezi Rusya\u2019d\u0131r. Yine Whatsapp uygulamas\u0131 bak\u0131m\u0131ndan s\u00f6z konusu merkez Amerika Birle\u015fik Devletleri iken Telegram a\u00e7\u0131s\u0131ndan Rusya\u2019d\u0131r.<\/p>\n\n\n\n<p><strong>\u0130LG\u0130L\u0130 K\u0130\u015e\u0130\/LER\u0130N HAKLARI<\/strong><\/p>\n\n\n\n<p>Verisi i\u015flenen ilgili ki\u015fi olarak haklar\u0131n\u0131z 6698 say\u0131l\u0131 kanunun 11. maddesinde \u015fu \u015fekilde kaleme al\u0131nm\u0131\u015ft\u0131r;<\/p>\n\n\n\n<p>Hakk\u0131n\u0131zda ki\u015fisel veri i\u015fleyip i\u015flemedi\u011fimizi \u00f6\u011frenebilir, e\u011fer i\u015fliyorsak veya i\u015flemi\u015fsek, buna ili\u015fkin bilgi talep edebilirsiniz.<\/p>\n\n\n\n<p>Ki\u015fisel verilerinizin i\u015flenme amac\u0131n\u0131 ve bunlar\u0131n amac\u0131na uygun kullan\u0131l\u0131p kullan\u0131lmad\u0131\u011f\u0131 \u00f6\u011frenebilirsiniz.<\/p>\n\n\n\n<p>Ki\u015fisel verilerinizin yurt i\u00e7i veya yurt d\u0131\u015f\u0131na aktar\u0131l\u0131p aktar\u0131lmad\u0131\u011f\u0131n\u0131 ve kimlere aktar\u0131ld\u0131\u011f\u0131n\u0131 \u00f6\u011frenebilirsiniz.<\/p>\n\n\n\n<p>Yanl\u0131\u015f ve eksik ki\u015fisel verilerinizin d\u00fczeltilmesini ve bu verilerin aktar\u0131ld\u0131\u011f\u0131 veya aktar\u0131lm\u0131\u015f olabilece\u011fi al\u0131c\u0131lar\u0131n bilgilendirilmesini talep edebilirsiniz.<\/p>\n\n\n\n<p>Ki\u015fisel verilerinizin KVKK madde 7\u2019de \u00f6ng\u00f6r\u00fclen \u015fartlar \u00e7er\u00e7evesinde imha edilmesini (silinmesini, yok edilmesini veya anonim hale getirilmesini) talep edebilirsiniz. Ancak imha talebinizi de\u011ferlendirerek hangi y\u00f6ntemin uygun oldu\u011fu somut olay\u0131n ko\u015fullar\u0131na g\u00f6re taraf\u0131m\u0131zca de\u011ferlendirilecektir. Bu ba\u011flamda se\u00e7ti\u011fimiz imha y\u00f6ntemini neden se\u00e7ti\u011fimiz ile ilgili bizden her zaman bilgi talep edebilirsiniz.<\/p>\n\n\n\n<p>Ki\u015fisel verilerinizin aktar\u0131ld\u0131\u011f\u0131 veya aktar\u0131labilece\u011fi \u00fc\u00e7\u00fcnc\u00fc ki\u015filerin s\u00f6z konusu imha talebiniz ile ilgili bilgilendirilmesini talep edebilirsiniz.<\/p>\n\n\n\n<p>M\u00fcnhas\u0131ran bir otomatik sistem kullan\u0131larak olu\u015fturulmu\u015f ki\u015fisel veri analizinizin sonu\u00e7lar\u0131na bu sonu\u00e7lar \u00e7\u0131karlar\u0131n\u0131za ayk\u0131r\u0131ysa itiraz edebilirsiniz. Ki\u015fisel verilerinizin kanuna ayk\u0131r\u0131 olarak i\u015flenmesi sebebiyle zarara u\u011framan\u0131z halinde zarar\u0131n giderilmesini talep edebilirsiniz.<\/p>\n\n\n\n<p>Veri sorumlusu olarak taraf\u0131m\u0131z 6698 say\u0131l\u0131 kanunun uyar\u0131nca ilgili ki\u015fi taraf\u0131ndan yap\u0131lan ba\u015fvurular\u0131 i\u015fleme al\u0131p de\u011ferlendirmek zorundad\u0131r. Ki\u015fisel Veri \u0130hlaline Konu Ba\u015fvurunuzda yer alan talepleriniz, talebin niteli\u011fine g\u00f6re en ge\u00e7 otuz g\u00fcn i\u00e7inde \u00fccretsiz olarak sonu\u00e7land\u0131r\u0131lacakt\u0131r. Ancak, i\u015flemin \u015eirket i\u00e7in ayr\u0131ca bir maliyeti gerektirmesi h\u00e2linde, Ki\u015fisel Verileri Koruma Kurulu taraf\u0131ndan Veri Sorumlusuna Ba\u015fvuru Usul ve Esaslar\u0131 Hakk\u0131nda Tebli\u011f\u2019de belirlenen tarifedeki \u00fccret al\u0131nabilecektir.<\/p>\n\n\n\n<p>Ba\u015fvuru yap\u0131lmas\u0131 ve \u015firket taraf\u0131ndan ba\u015fvurunun reddedilmesi halinde ret karar\u0131n\u0131n taraf\u0131n\u0131za ula\u015ft\u0131\u011f\u0131 tarihten itibaren otuz g\u00fcn i\u00e7inde Ki\u015fisel Verilerin Korunmas\u0131 Kuruluna ba\u015fvurma hakk\u0131n\u0131z bulunmaktad\u0131r. Veri Sorumlusu olarak taraf\u0131n\u0131za 30 g\u00fcn i\u00e7inde herhangi bir bildirim yap\u0131lmaz ise, otuz g\u00fcn\u00fcn doldu\u011fu tarihten itibaren 30 g\u00fcn i\u00e7inde Kurul\u2019a ba\u015fvuruda bulunulabilecektir. Ba\u015fvuru s\u00fcrelerine ili\u015fkin bir karga\u015fan\u0131n olu\u015fmamas\u0131 i\u00e7in, Veri Sorumlusuna Ba\u015fvuru ve Kurula \u015eikayet S\u00fcrelerinin hesaplanmas\u0131na \u0130li\u015fkin Ki\u015fisel Verileri Koruma Kurulu\u2019nun 24.01.2019 tarih ve 2019\/9 say\u0131l\u0131 Karar\u0131na bakmakta fayda vard\u0131r, s\u00f6z konusu karar \u015fu \u015fekildedir;<\/p>\n\n\n\n<p>* <em>\u0130lgili ki\u015fi taraf\u0131ndan yap\u0131lan ba\u015fvuruya veri sorumlusunca 30 g\u00fcn i\u00e7inde bir cevap verilmesi halinde ilgili ki\u015finin veri sorumlusunun cevab\u0131n\u0131 m\u00fcteakip 30 g\u00fcn i\u00e7erisinde \u015fik\u00e2yette bulunabilece\u011fi, bu itibarla s\u00f6z konusu hallerde ilgili ki\u015finin veri sorumlusuna ba\u015fvurdu\u011fu tarihten itibaren 60 g\u00fcnl\u00fck s\u00fcresinin bulunmad\u0131\u011f\u0131, \u0130lgili ki\u015fi taraf\u0131ndan yap\u0131lan ba\u015fvuruya veri sorumlusunca bir cevap verilmedi\u011fi durumda ise ilgili ki\u015finin veri sorumlusuna ba\u015fvurdu\u011fu tarihten itibaren 60 g\u00fcn i\u00e7inde Kurula \u015fik\u00e2yette bulunabilece\u011fi, \u0130lgili ki\u015fi taraf\u0131ndan yap\u0131lan ba\u015fvuruya veri sorumlusunca Kanunda tan\u0131nan 30 g\u00fcnl\u00fck s\u00fcre sonras\u0131nda bir cevap verilmesi halinde ilgili ki\u015finin, Kanunda veri sorumlusuna tan\u0131nan 30 g\u00fcnl\u00fck s\u00fcre sonras\u0131nda verilecek cevab\u0131 beklemekle y\u00fck\u00fcml\u00fc olmad\u0131\u011f\u0131 ve veri sorumlusuna tan\u0131nan s\u00fcrenin dolmas\u0131 ile birlikte Kurula \u015fik\u00e2yette bulunabilece\u011fi g\u00f6z \u00f6n\u00fcne al\u0131narak, ilgili ki\u015finin veri sorumlusunun kendisine cevap verdi\u011fi tarihten itibaren 30 g\u00fcn de\u011fil, veri sorumlusuna ba\u015fvurdu\u011fu tarihten itibaren 60 g\u00fcn i\u00e7inde Kurula \u015fik\u00e2yette bulunabilece\u011fi, <\/em>Ki\u015fisel verilerinizin i\u015flenmesi ile ilgili hususlarda ba\u015fvurunuzu \u015eirketin internet adresinde bulunan ba\u015fvuru formunu doldurarak veya Veri Sorumlusuna Ba\u015fvuru Usul Ve Esaslar\u0131 Hakk\u0131nda Tebli\u011f\u2019in 5. Maddesinde belirtilen usul ve esaslara uymak kayd\u0131 ile a\u015fa\u011f\u0131daki y\u00f6ntemlerle yapabilirsiniz:<\/p>\n\n\n\n<ul class=\"wp-block-list\">\n<li>Yaz\u0131l\u0131 ve imzal\u0131 olarak noter veya iadeli taahh\u00fctl\u00fc olarak<\/li>\n\n\n\n<li>Kay\u0131tl\u0131 elektronik posta (KEP) adresinizden g\u00f6nderece\u011finiz e-posta ile<\/li>\n\n\n\n<li>G\u00fcvenli elektronik imza veya mobil imza ile<\/li>\n\n\n\n<li>E-Posta adresine yapaca\u011f\u0131n\u0131z bildirim ile<\/li>\n<\/ul>\n\n\n\n<p>Yukar\u0131daki bildirimler i\u00e7in size verilen kay\u0131t numaralar\u0131n\u0131n dosya ve i \u015f lem takibi a\u00e7\u0131s\u0131ndan kaybedilmemesinde fayda olup taraf\u0131m\u0131za yap\u0131lan bildirimlere ayn\u0131 y\u00f6ntem veya iadeli taahh\u00fctl\u00fc olarak geri bildirimde bulunabilecektir.<\/p>\n\n\n\n<p>Ba\u015fvuru yap\u0131labilmesi i\u00e7in Ver Sorumlusunun bilgileri a\u015fa\u011f\u0131daki gibidir:<\/p>\n\n\n\n<p><strong>Unvan : <\/strong>Lotus Mekanik Sanayi ve Ticaret Anonim \u015eirketi<\/p>\n\n\n\n<p><strong>Vergi No : <\/strong>6090959851<\/p>\n\n\n\n<p><strong>Posta Adresi: <\/strong>Ulucak Cumhuriyet Mah. Adnan Menderes Bulv. No: 63 Kemalpa\u015fa \/ \u0130ZM\u0130R<\/p>\n\n\n\n<p>Taraf\u0131m\u0131zca ilgili ki\u015filere ait verilerin usul ve yasalara ayk\u0131r\u0131 olarak elde edildiklerinin anla\u015f\u0131lmas\u0131 yahut bu konuda makul bir \u015f\u00fcphe olmas\u0131 halinde KVKK 12. madde uyar\u0131nca en k\u0131sa s\u00fcrede kurula bildirilecektir. En k\u0131sa s\u00fcreden anla\u015f\u0131lmas\u0131 gereken 2 72 saattir.<\/p>\n\n\n\n<p><strong>G\u00dcNCELLEME VE UYUM<\/strong><\/p>\n\n\n\n<p>\u015eirket, Kanun\u2019da yap\u0131lan de\u011fi\u015fiklikler nedeniyle, KVK Kurulu kararlar\u0131 uyar\u0131nca ya da sekt\u00f6rdeki ya da bili\u015fim alan\u0131ndaki geli\u015fmeler do\u011frultusunda i\u015fbu Politika ve bu Politika \u2019ya ba\u011fl\u0131 ve ili\u015fkili di\u011fer politikalarda de\u011fi\u015fiklik yapma hakk\u0131n\u0131 sakl\u0131 tutar. S\u00f6z konusu politikalar kapsam\u0131nda bir de\u011fi\u015fiklik oldu\u011funda bunlar ilan suretiyle i\u015f\u00e7ilere bildirilecek olup eski politikalar\u0131n onayl\u0131 suretleri 3 (\u00fc\u00e7) y\u0131l s\u00fcreyle tutulacakt\u0131r.<\/p>\n\n\n\n<p>\u0130\u015fbu Politika \u2019da yap\u0131lan de\u011fi\u015fiklikler derhal metne i\u015flenir ve de\u011fi\u015fikliklere ili\u015fkin a\u00e7\u0131klamalar Politikan\u0131n sonunda a\u00e7\u0131klan\u0131r.<\/p>","protected":false},"excerpt":{"rendered":"<p>Veri sorumlusu Lotus Mekanik Sanayi ve Ticaret Anonim \u015eirketi olarak firmam\u0131z b\u00fcnyesinde i\u015flenen her t\u00fcrl\u00fc ki\u015fisel veri 6698 say\u0131l\u0131 Ki\u015fisel Verilerin Korunmas\u0131 Kanunu ba\u015fta olmak \u00fczere ilgili ulusal ve uluslararas\u0131 mevzuat h\u00fck\u00fcmleri kapsam\u0131nda korunmaktad\u0131r. \u015eirketimiz gerekli korunman\u0131n sa\u011flanmas\u0131 ad\u0131na teknik ve idar\u00ee tedbirleri vaktinde gere\u011fi gibi almakta olup herhangi bir ihlal \u015f\u00fcphesi kar\u015f\u0131s\u0131nda yasal h\u00fck\u00fcmler [&hellip;]<\/p>","protected":false},"author":1,"featured_media":0,"parent":0,"menu_order":0,"comment_status":"closed","ping_status":"closed","template":"","meta":{"inline_featured_image":false,"footnotes":""},"class_list":["post-3577","page","type-page","status-publish","hentry"],"acf":[],"_links":{"self":[{"href":"https:\/\/lotustechnic.com.tr\/tr\/wp-json\/wp\/v2\/pages\/3577","targetHints":{"allow":["GET"]}}],"collection":[{"href":"https:\/\/lotustechnic.com.tr\/tr\/wp-json\/wp\/v2\/pages"}],"about":[{"href":"https:\/\/lotustechnic.com.tr\/tr\/wp-json\/wp\/v2\/types\/page"}],"author":[{"embeddable":true,"href":"https:\/\/lotustechnic.com.tr\/tr\/wp-json\/wp\/v2\/users\/1"}],"replies":[{"embeddable":true,"href":"https:\/\/lotustechnic.com.tr\/tr\/wp-json\/wp\/v2\/comments?post=3577"}],"version-history":[{"count":1,"href":"https:\/\/lotustechnic.com.tr\/tr\/wp-json\/wp\/v2\/pages\/3577\/revisions"}],"predecessor-version":[{"id":3578,"href":"https:\/\/lotustechnic.com.tr\/tr\/wp-json\/wp\/v2\/pages\/3577\/revisions\/3578"}],"wp:attachment":[{"href":"https:\/\/lotustechnic.com.tr\/tr\/wp-json\/wp\/v2\/media?parent=3577"}],"curies":[{"name":"wp","href":"https:\/\/api.w.org\/{rel}","templated":true}]}}